{"id":682,"date":"2021-05-11T15:39:30","date_gmt":"2021-05-11T14:39:30","guid":{"rendered":"https:\/\/auvigue.agencealbum.com\/?page_id=682"},"modified":"2022-04-06T15:48:31","modified_gmt":"2022-04-06T14:48:31","slug":"parcelle","status":"publish","type":"page","link":"https:\/\/auvigue.fr\/en\/parcelle\/","title":{"rendered":"Parcelle"},"content":{"rendered":"","protected":false},"excerpt":{"rendered":"<p><a class=\"excerpt-more\" href=\"https:\/\/auvigue.fr\/en\/parcelle\/\"><i class=\"bi bi-arrow-right\"><\/i><\/a><\/p>","protected":false},"author":1,"featured_media":0,"parent":0,"menu_order":0,"comment_status":"closed","ping_status":"closed","template":"page-templates\/page-parcelle.php","meta":[],"yoast_head":"<!-- This site is optimized with the Yoast SEO plugin v16.6 - https:\/\/yoast.com\/wordpress\/plugins\/seo\/ -->\n<title>Parcelle - Auvigue<\/title>\n<meta name=\"description\" content=\"Vins Auvigue, maison familiale sp\u00e9cialis\u00e9e fond\u00e9e en 1946 \u00e0 Fuiss\u00e9 en Bourgogne du Sud. Pouilly-Fuiss\u00e9, Saint-V\u00e9ran, M\u00e2con-Villages.\" \/>\n<meta name=\"robots\" content=\"index, follow, max-snippet:-1, max-image-preview:large, max-video-preview:-1\" \/>\n<link rel=\"canonical\" href=\"https:\/\/auvigue.fr\/en\/parcelle\/\" \/>\n<meta property=\"og:locale\" content=\"en_GB\" \/>\n<meta property=\"og:type\" content=\"article\" \/>\n<meta property=\"og:title\" content=\"Parcelle - Auvigue\" \/>\n<meta property=\"og:description\" content=\"Vins Auvigue, maison familiale sp\u00e9cialis\u00e9e fond\u00e9e en 1946 \u00e0 Fuiss\u00e9 en Bourgogne du Sud. Pouilly-Fuiss\u00e9, Saint-V\u00e9ran, M\u00e2con-Villages.\" \/>\n<meta property=\"og:url\" content=\"https:\/\/auvigue.fr\/en\/parcelle\/\" \/>\n<meta property=\"og:site_name\" content=\"Auvigue\" \/>\n<meta property=\"article:publisher\" content=\"https:\/\/www.facebook.com\/maisonauvigue\" \/>\n<meta property=\"article:modified_time\" content=\"2022-04-06T14:48:31+00:00\" \/>\n<meta name=\"twitter:card\" content=\"summary_large_image\" \/>\n<script type=\"application\/ld+json\" class=\"yoast-schema-graph\">{\"@context\":\"https:\/\/schema.org\",\"@graph\":[{\"@type\":\"WebSite\",\"@id\":\"https:\/\/auvigue.fr\/#website\",\"url\":\"https:\/\/auvigue.fr\/\",\"name\":\"Auvigue\",\"description\":\"\",\"potentialAction\":[{\"@type\":\"SearchAction\",\"target\":{\"@type\":\"EntryPoint\",\"urlTemplate\":\"https:\/\/auvigue.fr\/?s={search_term_string}\"},\"query-input\":\"required name=search_term_string\"}],\"inLanguage\":\"en-GB\"},{\"@type\":\"WebPage\",\"@id\":\"https:\/\/auvigue.fr\/parcelle\/#webpage\",\"url\":\"https:\/\/auvigue.fr\/parcelle\/\",\"name\":\"Parcelle - Auvigue\",\"isPartOf\":{\"@id\":\"https:\/\/auvigue.fr\/#website\"},\"datePublished\":\"2021-05-11T14:39:30+00:00\",\"dateModified\":\"2022-04-06T14:48:31+00:00\",\"description\":\"Vins Auvigue, maison familiale sp\\u00e9cialis\\u00e9e fond\\u00e9e en 1946 \\u00e0 Fuiss\\u00e9 en Bourgogne du Sud. Pouilly-Fuiss\\u00e9, Saint-V\\u00e9ran, M\\u00e2con-Villages.\",\"breadcrumb\":{\"@id\":\"https:\/\/auvigue.fr\/parcelle\/#breadcrumb\"},\"inLanguage\":\"en-GB\",\"potentialAction\":[{\"@type\":\"ReadAction\",\"target\":[\"https:\/\/auvigue.fr\/parcelle\/\"]}]},{\"@type\":\"BreadcrumbList\",\"@id\":\"https:\/\/auvigue.fr\/parcelle\/#breadcrumb\",\"itemListElement\":[{\"@type\":\"ListItem\",\"position\":1,\"name\":\"Home\",\"item\":\"https:\/\/auvigue.fr\/\"},{\"@type\":\"ListItem\",\"position\":2,\"name\":\"Parcelle\"}]}]}<\/script>\n<!-- \/ Yoast SEO plugin. -->","_links":{"self":[{"href":"https:\/\/auvigue.fr\/en\/wp-json\/wp\/v2\/pages\/682"}],"collection":[{"href":"https:\/\/auvigue.fr\/en\/wp-json\/wp\/v2\/pages"}],"about":[{"href":"https:\/\/auvigue.fr\/en\/wp-json\/wp\/v2\/types\/page"}],"author":[{"embeddable":true,"href":"https:\/\/auvigue.fr\/en\/wp-json\/wp\/v2\/users\/1"}],"replies":[{"embeddable":true,"href":"https:\/\/auvigue.fr\/en\/wp-json\/wp\/v2\/comments?post=682"}],"version-history":[{"count":1,"href":"https:\/\/auvigue.fr\/en\/wp-json\/wp\/v2\/pages\/682\/revisions"}],"predecessor-version":[{"id":683,"href":"https:\/\/auvigue.fr\/en\/wp-json\/wp\/v2\/pages\/682\/revisions\/683"}],"wp:attachment":[{"href":"https:\/\/auvigue.fr\/en\/wp-json\/wp\/v2\/media?parent=682"}],"curies":[{"name":"wp","href":"https:\/\/api.w.org\/{rel}","templated":true}]}}